{"id":292,"date":"2018-03-25T19:53:14","date_gmt":"2018-03-25T18:53:14","guid":{"rendered":"http:\/\/consciencecorporelle.fr\/?page_id=292"},"modified":"2020-02-09T16:03:02","modified_gmt":"2020-02-09T15:03:02","slug":"interieur-exterieur","status":"publish","type":"page","link":"http:\/\/consciencecorporelle.fr\/?page_id=292","title":{"rendered":"Int\u00e9rieur, ext\u00e9rieur"},"content":{"rendered":"<p class=\"western\" align=\"center\"><span style=\"color: #00000a;\"><span style=\"font-family: BoyzClubSSK;\"><span style=\"font-size: xx-large;\"><b>Int\u00e9rieur, ext\u00e9rieur<\/b><\/span><\/span><\/span><\/p>\n<p class=\"western\" align=\"center\"><span style=\"color: #00000a;\"><span style=\"font-family: IdiomSSK;\"><span style=\"font-size: x-large;\"><i>Stage de d\u00e9veloppement personnel<\/i><\/span><\/span><\/span><\/p>\n<p class=\"western\" lang=\"en-US\" align=\"center\"><span style=\"font-family: trebuchet ms,geneva;\"><a href=\"http:\/\/consciencecorporelle.fr\/wp-content\/uploads\/2015\/04\/canstockphoto6508068.jpg\"><img loading=\"lazy\" class=\"size-medium wp-image-217 aligncenter\" src=\"http:\/\/consciencecorporelle.fr\/wp-content\/uploads\/2015\/04\/canstockphoto6508068-300x200.jpg\" alt=\"canstockphoto6508068\" width=\"300\" height=\"200\" srcset=\"http:\/\/consciencecorporelle.fr\/wp-content\/uploads\/2015\/04\/canstockphoto6508068-300x200.jpg 300w, http:\/\/consciencecorporelle.fr\/wp-content\/uploads\/2015\/04\/canstockphoto6508068-1024x682.jpg 1024w, http:\/\/consciencecorporelle.fr\/wp-content\/uploads\/2015\/04\/canstockphoto6508068-500x333.jpg 500w\" sizes=\"(max-width: 300px) 100vw, 300px\" \/><\/a><\/span><\/p>\n<p class=\"western\" align=\"justify\"><span style=\"color: #00000a;\"><span style=\"font-family: IdiomLightSSK;\"><span style=\"font-size: large;\"><i><b>Une approche psycho-corporelle, qui permet de retrouver une relation naturelle \u00e0 soi, puis de ce fait \u00e0 l&rsquo;autre.<\/b><\/i><\/span><\/span><\/span><\/p>\n<p class=\"western\" lang=\"en-US\" align=\"center\"><span style=\"color: #00000a;\"><span style=\"font-family: VAGRoundedLightSSK;\"><span style=\"font-size: small;\"><b>D<\/b><b>u <\/b><b>19 au 21 mai 2018 \u00e0 Albertville<\/b><\/span><\/span><b><\/b><\/span><\/p>\n<p class=\"western\" align=\"justify\"><span style=\"color: #0066cc;\"><span style=\"font-family: BoyzClubSSK;\"><span style=\"font-size: x-large;\"><b>Pr\u00e9sentation<\/b><\/span><\/span><\/span><\/p>\n<p align=\"justify\"><span style=\"font-family: VAGRoundedLightSSK;\"><span style=\"font-size: small;\"><span style=\"color: #00000a;\"><span lang=\"en-US\">La th<\/span><\/span><span style=\"color: #00000a;\">\u00e9rapie conscience physiologique se base sur l\u2019origine marine de la vie et sur les informations que l\u2019eau du corps humain accumule au cours de son histoire, depuis sa premi\u00e8re cellule. C\u2019est la m\u00e9moire de l&rsquo;eau.<\/span><\/span><\/span><\/p>\n<p align=\"justify\"><span style=\"font-family: VAGRoundedLightSSK;\"><span style=\"font-size: small;\"><span style=\"color: #00000a;\">Ces m\u00e9moires perturbent nos ressentis et perceptions, et influencent nos pens\u00e9<\/span><span style=\"color: #00000a;\"><span lang=\"pt-PT\">es, nos sens, nos actes.<\/span><\/span><\/span><\/span><\/p>\n<p align=\"justify\"><span style=\"color: #00000a;\"><span style=\"font-family: VAGRoundedLightSSK;\"><span style=\"font-size: small;\">Les douleurs en m\u00e9moire \u00e0 l\u2019int\u00e9rieur du corps peuvent \u00eatre r\u00e9veill\u00e9es par une situation ext\u00e9rieure, g\u00e9n\u00e9rer de la souffrance, et s\u2019exprimer en fonctionnements.<\/span><\/span><\/span><\/p>\n<p align=\"justify\"><span style=\"color: #00000a;\"><span style=\"font-family: VAGRoundedLightSSK;\"><span style=\"font-size: small;\">Cette d\u00e9marche psycho-corporelle permet de rendre consciente l\u2019origine des m\u00e9moires douloureuses et de s&rsquo;en lib\u00e9rer en prenant conscience des liens entre le physiologique et l&rsquo;histoire personnelle.<\/span><\/span><\/span><\/p>\n<p align=\"justify\"><span style=\"font-family: VAGRoundedLightSSK;\"><span style=\"font-size: small;\">Lors de se stage, nous vous proposons de ressentir l\u2019\u00e9nergie qui se d\u00e9gage de ces m\u00e9moires \u00e0 l\u2019int\u00e9rieur de nos cellules, pour comprendre leur r\u00e9sonance avec l\u2019ext\u00e9rieur, dans notre vie quotidienne, nos relations amoureuses, professionnelles, etc.<\/span><\/span><\/p>\n<p>&nbsp;<\/p>\n<p class=\"western\" align=\"justify\"><span style=\"color: #0066cc;\"><span style=\"font-family: BoyzClubSSK;\"><span style=\"font-size: x-large;\"><b>Contenu du stage :<\/b><\/span><\/span><\/span><\/p>\n<p class=\"western\" lang=\"en-US\" align=\"left\"><span style=\"color: #00000a;\">\u2022<\/span><span style=\"color: #00000a;\"> <span style=\"font-family: VAGRoundedLightSSK;\"><span style=\"font-size: small;\"><span lang=\"fr-FR\">Travail verbal individuel \u00e0 partir du v\u00e9cu des stagiaires<\/span><\/span><\/span><\/span><\/p>\n<p class=\"western\" lang=\"en-US\" align=\"left\"><span style=\"color: #00000a;\">\u2022<\/span><span style=\"color: #00000a;\"> <span style=\"font-family: VAGRoundedLightSSK;\"><span style=\"font-size: small;\"><span lang=\"fr-FR\">D\u00e9monstration et apprentissage de massages *<\/span><\/span><\/span><\/span><\/p>\n<p class=\"western\" lang=\"en-US\" align=\"left\"><span style=\"color: #00000a;\">\u2022<\/span><span style=\"color: #00000a;\"> <span style=\"font-family: VAGRoundedLightSSK;\"><span style=\"font-size: small;\"><span lang=\"fr-FR\">Pratique de mouvements corporels in\u00e9dits et pr\u00e9cis, respectueux de votre corps<\/span><\/span><\/span><\/span><\/p>\n<p class=\"western\" lang=\"en-US\" align=\"left\"><span style=\"color: #00000a;\">\u2022<\/span><span style=\"color: #00000a;\"> <span style=\"font-family: VAGRoundedLightSSK;\"><span style=\"font-size: small;\"><span lang=\"fr-FR\">Mise en situation, par diff\u00e9rents exercices entre stagiaires, des probl\u00e9matiques relationnelles, qui se jouent inconsciemment<\/span><\/span><\/span><\/span><\/p>\n<p class=\"western\" align=\"left\"><span style=\"color: #00000a;\"><span style=\"font-family: VAGRoundedLightSSK;\"><span style=\"font-size: small;\">* Les massages se pratiquent entre stagiaires dans le respect de chacun, accompagn\u00e9s et guid\u00e9s par les intervenantes.<\/span><\/span><\/span><\/p>\n<p class=\"western\" align=\"left\"><span style=\"color: #0066cc;\"><span style=\"font-family: BoyzClubSSK;\"><span style=\"font-size: x-large;\"><b>A qui s&rsquo;adresse le stage\u00a0?<\/b><\/span><\/span><\/span><\/p>\n<p class=\"western\" lang=\"en-US\" align=\"left\"><span style=\"color: #00000a;\"><span style=\"font-family: VAGRoundedLightSSK;\"><span style=\"font-size: small;\"><span lang=\"fr-FR\">A toute personne qui d\u00e9sire d\u00e9couvrir ou d\u00e9velopper le travail de connaissance de soi par la conscience corporelle<\/span><span lang=\"fr-FR\">, quels que soient son \u00e2ge et ses capacit\u00e9s physiques.<\/span><\/span><\/span><\/span><\/p>\n<p>&nbsp;<\/p>\n<hr \/>\n<p class=\"western\" align=\"justify\"><span style=\"color: #0066cc;\"><span style=\"font-family: BoyzClubSSK;\"><span style=\"font-size: x-large;\"><b>Informations pratiques<\/b><\/span><\/span><\/span><\/p>\n<p class=\"western\" lang=\"en-US\" align=\"left\"><span style=\"font-family: VAGRoundedLightSSK;\"><span style=\"font-size: small;\"><span style=\"color: #00000a;\"><span lang=\"fr-FR\"><b>Tarif du stage<\/b><\/span><\/span><span style=\"color: #00000a;\"><span lang=\"fr-FR\"> : 3<\/span><\/span><span style=\"color: #00000a;\"><span lang=\"fr-FR\">3<\/span><\/span><span style=\"color: #00000a;\"><span lang=\"fr-FR\">0 \u20ac<\/span><\/span><\/span><\/span><\/p>\n<p class=\"western\" align=\"left\"><span style=\"color: #00000a;\"><span style=\"font-family: VAGRoundedLightSSK;\"><span style=\"font-size: small;\">Arrhes : 110 \u20ac (encaiss\u00e9s \u00e0 l\u2019inscription)<\/span><\/span><\/span><\/p>\n<p class=\"western\" align=\"left\"><span style=\"color: #00000a;\"><span style=\"font-family: VAGRoundedLightSSK;\"><span style=\"font-size: small;\">Le solde du r\u00e8glement sera effectu\u00e9 sur place le premier jour du stage.<\/span><\/span><\/span><\/p>\n<p class=\"western\" lang=\"en-US\" align=\"left\"><span style=\"font-family: VAGRoundedLightSSK;\"><span style=\"font-size: small;\"><span style=\"color: #00000a;\"><span lang=\"fr-FR\"><b>Dates<\/b><\/span><\/span><span style=\"color: #00000a;\"><span lang=\"fr-FR\"> : <\/span><\/span> <span style=\"color: #00000a;\"><span lang=\"fr-FR\">du <\/span><\/span><span style=\"color: #00000a;\"><span lang=\"fr-FR\">samedi <\/span><\/span><span style=\"color: #00000a;\"><span lang=\"fr-FR\">1<\/span><\/span><span style=\"color: #00000a;\"><span lang=\"fr-FR\">9 <\/span><\/span><span style=\"color: #00000a;\"><span lang=\"fr-FR\">mai<\/span><\/span> <span style=\"color: #00000a;\"><span lang=\"fr-FR\">\u00e0 10h<\/span><\/span> <span style=\"color: #00000a;\"><span lang=\"fr-FR\">au <\/span><\/span><span style=\"color: #00000a;\"><span lang=\"fr-FR\">lundi<\/span><\/span> <span style=\"color: #00000a;\"><span lang=\"fr-FR\">21<\/span><\/span> <span style=\"color: #00000a;\"><span lang=\"fr-FR\">mai <\/span><\/span><span style=\"color: #00000a;\"><span lang=\"fr-FR\">201<\/span><\/span><span style=\"color: #00000a;\"><span lang=\"fr-FR\">8<\/span><\/span> <span style=\"color: #00000a;\"><span lang=\"fr-FR\">\u00e0 17h.<\/span><\/span><\/span><\/span><\/p>\n<p class=\"western\" lang=\"en-US\" align=\"left\"><span style=\"font-family: VAGRoundedLightSSK;\"><span style=\"font-size: small;\"><span style=\"color: #00000a;\"><span lang=\"fr-FR\"><b>Lieu<\/b><\/span><\/span><span style=\"color: #00000a;\"><span lang=\"fr-FR\"> : Espace Eveil, Les Ilettes, <\/span><\/span><span style=\"color: #00000a;\"><span lang=\"fr-FR\">espace-eveil.com<\/span><\/span><\/span><\/span><\/p>\n<p class=\"western\" align=\"left\"><span style=\"color: #00000a;\"><span style=\"font-family: VAGRoundedLightSSK;\"><span style=\"font-size: small;\">73460 Frontenex (\u00e0 10 mn d\u2019Albertville)<\/span><\/span><\/span><\/p>\n<p class=\"western\" align=\"left\"><span style=\"color: #00000a;\"><span style=\"font-family: VAGRoundedLightSSK;\"><span style=\"font-size: small;\">Possibilit\u00e9 de venir en train \u00e0 Frontenex.<\/span><\/span><\/span><\/p>\n<p class=\"western\" lang=\"en-US\" align=\"left\"><span style=\"font-family: VAGRoundedLightSSK;\"><span style=\"font-size: small;\"><span style=\"color: #00000a;\"><span lang=\"fr-FR\"><b>Restauration<\/b><\/span><\/span><span style=\"color: #00000a;\"><span lang=\"fr-FR\"> : des repas bio <\/span><\/span><span style=\"color: #00000a;\"><span lang=\"fr-FR\">(entr\u00e9e et plat)<\/span><\/span><span style=\"color: #00000a;\"><span lang=\"fr-FR\"> seront propos\u00e9s le midi pour 1<\/span><\/span><span style=\"color: #00000a;\"><span lang=\"fr-FR\">2<\/span><\/span><span style=\"color: #00000a;\"><span lang=\"fr-FR\"> \u20ac.<\/span><\/span><\/span><\/span><\/p>\n<p class=\"western\" align=\"left\"><span style=\"color: #00000a;\"><span style=\"font-family: VAGRoundedLightSSK;\"><span style=\"font-size: small;\">Vous pourrez pr\u00e9parer vos repas sur place, commerces et restaurants proches du lieu du stage.<\/span><\/span><\/span><\/p>\n<p class=\"western\" lang=\"en-US\" align=\"left\"><span style=\"font-family: VAGRoundedLightSSK;\"><span style=\"font-size: small;\"><span style=\"color: #00000a;\"><span lang=\"fr-FR\"><b>H\u00e9bergement<\/b><\/span><\/span><span style=\"color: #00000a;\"><span lang=\"fr-FR\"> : <\/span><\/span><span style=\"color: #00000a;\"><span lang=\"fr-FR\">25\u20ac\/nuit en chambre double, 30\u20ac en chambre individuelle, 1<\/span><\/span><span style=\"color: #00000a;\"><span lang=\"fr-FR\">5\u20ac dans la salle de travail, <\/span><\/span><span style=\"color: #00000a;\"><span lang=\"fr-FR\">supl\u00e9ment draps <\/span><\/span><span style=\"color: #00000a;\"><span lang=\"fr-FR\">+7\u20ac<\/span><\/span><span style=\"color: #00000a;\"><span lang=\"fr-FR\">. <\/span><\/span><span style=\"color: #00000a;\"><span lang=\"fr-FR\">H\u00f4tels \u00e0 proximit\u00e9.<\/span><\/span><\/span><\/span><\/p>\n<p class=\"western\" align=\"left\"><span style=\"color: #00000a;\"><span style=\"font-family: VAGRoundedLightSSK;\"><span style=\"font-size: small;\"><b>Renseignements\u00a0:<\/b><\/span><\/span><\/span><\/p>\n<p class=\"western\" align=\"left\"><span style=\"color: #00000a;\"><span style=\"font-family: VAGRoundedLightSSK;\"><span style=\"font-size: small;\">Nelly Duc Goninaz\u00a0: 06 12 28 25 32<\/span><\/span><\/span><\/p>\n<p class=\"western\" align=\"left\"><span style=\"color: #00000a;\"><span style=\"font-family: VAGRoundedLightSSK;\"><span style=\"font-size: small;\">Clarisse Morel\u00a0: 06 81 50 61 87<\/span><\/span><\/span><\/p>\n<p>&nbsp;<\/p>\n<p><a href=\"http:\/\/consciencecorporelle.fr\/wp-content\/uploads\/2018\/03\/plaquette_2018_impr.pdf\">plaquette_2018_impr.pdf<\/a><\/p>\n<hr \/>\n<p class=\"western\"><span style=\"color: #0066cc;\"><span style=\"font-family: BoyzClubSSK;\"><span style=\"font-size: x-large;\"><b>Les intervenantes<\/b><\/span><\/span><\/span><\/p>\n<p class=\"western\"><span style=\"color: #00000a;\"><span style=\"font-family: VAGRoundedLightSSK;\"><span style=\"font-size: small;\"><b>Nelly Duc-Goninaz<\/b><\/span><\/span><\/span><\/p>\n<p class=\"western\"><span style=\"color: #00000a;\"><span style=\"font-family: VAGRoundedLightSSK;\"><span style=\"font-size: small;\">23, avenue Victor Hugo, 73200 Albertville<\/span><\/span><\/span><\/p>\n<p class=\"western\"><span style=\"color: #00000a;\"><span style=\"font-family: VAGRoundedLightSSK;\"><span style=\"font-size: small;\">T\u00e9l : 06 12 28 25 32<\/span><\/span><\/span><\/p>\n<p class=\"western\"><span style=\"color: #00000a;\"><span style=\"font-family: VAGRoundedLightSSK;\"><span style=\"font-size: small;\">therapeute-psychocorporel.com<\/span><\/span><\/span><\/p>\n<ul>\n<li class=\"western\" lang=\"en-US\"><span style=\"color: #00000a;\"><span style=\"font-family: VAGRoundedLightSSK;\"><span style=\"color: #00000a;\"><span lang=\"fr-FR\">Certifi\u00e9e en Conscience physiologique<\/span><\/span><\/span><\/span><\/li>\n<li class=\"western\" lang=\"en-US\"><span style=\"color: #00000a;\"><span style=\"font-family: VAGRoundedLightSSK;\"><span style=\"color: #00000a;\"><span lang=\"fr-FR\">Assistante de formation Conscience physiologique <\/span><\/span><span style=\"color: #00000a;\"><span lang=\"fr-FR\">2011-2016<\/span><\/span><\/span><\/span><\/li>\n<li class=\"western\" lang=\"en-US\"><span style=\"color: #00000a;\"><span style=\"font-family: VAGRoundedLightSSK;\"><span style=\"color: #00000a;\"><span lang=\"fr-FR\">Form\u00e9e \u00e0 la r\u00e9flexologie plantaire, aux massages traditionnels chinois, aux massages ayurv\u00e9diques<\/span><\/span><\/span><\/span><\/li>\n<li class=\"western\" lang=\"en-US\"><span style=\"color: #00000a;\"><span style=\"font-family: VAGRoundedLightSSK;\"><span style=\"color: #00000a;\"><span lang=\"fr-FR\">Certifi<\/span><\/span><span style=\"color: #00000a;\"><span lang=\"fr-FR\">\u00e9e en yoga nidra<\/span><\/span><\/span><\/span><\/li>\n<li class=\"western\"><span style=\"color: #00000a;\"><span style=\"font-family: VAGRoundedLightSSK;\"><span style=\"font-size: small;\">Pratique la MLC, le qi gong et le yoga<\/span><\/span><\/span><\/li>\n<\/ul>\n<p class=\"western\"><strong><span style=\"color: #00000a;\"><span style=\"font-family: VAGRoundedLightSSK;\"><span style=\"font-size: small;\">Clarisse Morel<\/span><\/span><\/span><\/strong><\/p>\n<p class=\"western\"><span style=\"color: #00000a;\"><span style=\"font-family: VAGRoundedLightSSK;\"><span style=\"font-size: small;\">193, Grande rue de la Guilloti\u00e8re, 69007 Lyon<\/span><\/span><\/span><\/p>\n<p class=\"western\"><span style=\"color: #00000a;\"><span style=\"font-family: VAGRoundedLightSSK;\"><span style=\"font-size: small;\">T\u00e9l : 06 81 50 61 87<\/span><\/span><\/span><\/p>\n<p class=\"western\"><span style=\"color: #00000a;\"><span style=\"font-family: VAGRoundedLightSSK;\"><span style=\"font-size: small;\">consciencecorporelle.fr<\/span><\/span><\/span><\/p>\n<ul>\n<li class=\"western\" lang=\"en-US\"><span style=\"color: #00000a;\"><span style=\"font-family: VAGRoundedLightSSK;\"><span style=\"color: #00000a;\"><span lang=\"fr-FR\">Certifi\u00e9e en Conscience physiologique<\/span><\/span><\/span><\/span><\/li>\n<li class=\"western\" lang=\"en-US\"><span style=\"color: #00000a;\"><span style=\"font-family: VAGRoundedLightSSK;\"><span style=\"color: #00000a;\"><span lang=\"fr-FR\">Assistante de formation Conscience physiologique 2011-2014<\/span><\/span><\/span><\/span><\/li>\n<li class=\"western\" lang=\"en-US\"><span style=\"color: #00000a;\"><span style=\"font-family: VAGRoundedLightSSK;\"><span style=\"color: #00000a;\"><span lang=\"fr-FR\">Certifi<\/span><\/span><span style=\"color: #00000a;\"><span lang=\"fr-FR\">\u00e9e en yoga nidra<\/span><\/span><\/span><\/span><\/li>\n<li class=\"western\" lang=\"en-US\"><span style=\"color: #00000a;\"><span style=\"font-family: VAGRoundedLightSSK;\"><span style=\"color: #00000a;\"><span lang=\"fr-FR\">Pratique l&rsquo;Antigymnastique et le hatha yoga<\/span><\/span><\/span><\/span><\/li>\n<\/ul>\n<p>&nbsp;<\/p>\n","protected":false},"excerpt":{"rendered":"<p>Int\u00e9rieur, ext\u00e9rieur Stage de d\u00e9veloppement personnel Une approche psycho-corporelle, qui permet de retrouver une relation naturelle \u00e0 soi, puis de ce fait \u00e0 l&rsquo;autre. Du 19 au 21 mai 2018 \u00e0 Albertville Pr\u00e9sentation La th\u00e9rapie conscience physiologique se base sur l\u2019origine marine de la vie et sur les informations que l\u2019eau du corps humain accumule &hellip; <\/p>\n<p class=\"link-more\"><a href=\"http:\/\/consciencecorporelle.fr\/?page_id=292\" class=\"more-link\">Continuer la lecture<span class=\"screen-reader-text\"> de &laquo;&nbsp;Int\u00e9rieur, ext\u00e9rieur&nbsp;&raquo;<\/span><\/a><\/p>\n","protected":false},"author":1,"featured_media":0,"parent":89,"menu_order":0,"comment_status":"closed","ping_status":"closed","template":"","meta":[],"_links":{"self":[{"href":"http:\/\/consciencecorporelle.fr\/index.php?rest_route=\/wp\/v2\/pages\/292"}],"collection":[{"href":"http:\/\/consciencecorporelle.fr\/index.php?rest_route=\/wp\/v2\/pages"}],"about":[{"href":"http:\/\/consciencecorporelle.fr\/index.php?rest_route=\/wp\/v2\/types\/page"}],"author":[{"embeddable":true,"href":"http:\/\/consciencecorporelle.fr\/index.php?rest_route=\/wp\/v2\/users\/1"}],"replies":[{"embeddable":true,"href":"http:\/\/consciencecorporelle.fr\/index.php?rest_route=%2Fwp%2Fv2%2Fcomments&post=292"}],"version-history":[{"count":5,"href":"http:\/\/consciencecorporelle.fr\/index.php?rest_route=\/wp\/v2\/pages\/292\/revisions"}],"predecessor-version":[{"id":422,"href":"http:\/\/consciencecorporelle.fr\/index.php?rest_route=\/wp\/v2\/pages\/292\/revisions\/422"}],"up":[{"embeddable":true,"href":"http:\/\/consciencecorporelle.fr\/index.php?rest_route=\/wp\/v2\/pages\/89"}],"wp:attachment":[{"href":"http:\/\/consciencecorporelle.fr\/index.php?rest_route=%2Fwp%2Fv2%2Fmedia&parent=292"}],"curies":[{"name":"wp","href":"https:\/\/api.w.org\/{rel}","templated":true}]}}